{"id":3787,"date":"2025-05-20T13:23:05","date_gmt":"2025-05-20T16:23:05","guid":{"rendered":"https:\/\/mooven4d.com.br\/portacabos\/diagnostico\/analises\/primeira-analise-gestao-e-performance-financeira\/"},"modified":"2025-05-28T15:03:00","modified_gmt":"2025-05-28T18:03:00","slug":"primeira-analise-gestao-e-performance-financeira","status":"publish","type":"analysis","link":"https:\/\/mooven4d.com.br\/portacabos\/diagnostico\/analises\/primeira-analise-gestao-e-performance-financeira\/","title":{"rendered":"Primeira An\u00e1lise &#8211; Gest\u00e3o e Performance Financeira"},"content":{"rendered":"<h4 class=\"\" data-start=\"253\" data-end=\"276\"><strong data-start=\"258\" data-end=\"276\">\ud83d\udccc Porta Cabos<\/strong><\/h4>\n<p class=\"\" data-start=\"277\" data-end=\"696\">A gest\u00e3o financeira da Porta Cabos est\u00e1 inserida em um cen\u00e1rio de <strong data-start=\"343\" data-end=\"364\">alt\u00edssima press\u00e3o<\/strong>, resultado de um passivo relevante, composto por d\u00edvidas tribut\u00e1rias e trabalhistas, que somadas equivalem aproximadamente \u00e0 <strong data-start=\"490\" data-end=\"518\">receita anual da empresa<\/strong>. Esse contexto representa um risco significativo \u00e0 sustentabilidade da opera\u00e7\u00e3o e imp\u00f5e limita\u00e7\u00f5es severas \u00e0 capacidade de planejamento, investimento e reorganiza\u00e7\u00e3o do neg\u00f3cio.<\/p>\n<p class=\"\" data-start=\"698\" data-end=\"1213\">O assessment deixa evidente que a empresa <strong data-start=\"740\" data-end=\"886\">n\u00e3o conta com pr\u00e1ticas estruturadas de planejamento financeiro, gest\u00e3o or\u00e7ament\u00e1ria, controle de rentabilidade ou monitoramento de indicadores<\/strong>, operando de forma essencialmente reativa. As pr\u00e1ticas existentes est\u00e3o concentradas no acompanhamento b\u00e1sico do fluxo de caixa, que funciona como um mecanismo operacional para garantir a continuidade no curt\u00edssimo prazo, mas que \u00e9 insuficiente como suporte para decis\u00f5es estrat\u00e9gicas ou para a constru\u00e7\u00e3o de cen\u00e1rios futuros.<\/p>\n<p class=\"\" data-start=\"1215\" data-end=\"1772\">Diante desse quadro, \u00e9 essencial que a gest\u00e3o financeira da empresa passe por um processo de fortalecimento, estruturando inicialmente um ciclo de planejamento emergencial que permita mapear claramente receitas, despesas, custos e margens, al\u00e9m de definir metas operacionais m\u00ednimas que garantam a manuten\u00e7\u00e3o do caixa, o controle da inadimpl\u00eancia e o acompanhamento cont\u00ednuo dos custos. \u00c9 igualmente necess\u00e1rio avaliar com rigor os impactos dos passivos existentes sobre a opera\u00e7\u00e3o, criando crit\u00e9rios claros para a prioriza\u00e7\u00e3o de pagamentos e renegocia\u00e7\u00f5es.<\/p>\n<p class=\"\" data-start=\"1774\" data-end=\"2333\">Dentro dessa jornada, tamb\u00e9m se torna relevante analisar a viabilidade de envolver consultorias especializadas em <strong data-start=\"1888\" data-end=\"1930\">reestrutura\u00e7\u00e3o financeira (turnaround)<\/strong>, que possam apoiar em negocia\u00e7\u00f5es extrajudiciais, repactua\u00e7\u00e3o de d\u00edvidas, prote\u00e7\u00e3o patrimonial e na cria\u00e7\u00e3o de condi\u00e7\u00f5es que permitam a estabiliza\u00e7\u00e3o da opera\u00e7\u00e3o no curto e m\u00e9dio prazo. Paralelamente, torna-se estrat\u00e9gico iniciar uma primeira abordagem de <strong data-start=\"2187\" data-end=\"2208\">gest\u00e3o tribut\u00e1ria<\/strong>, avaliando alternativas que possam mitigar a press\u00e3o atual sobre o caixa e trazer racionalidade na reorganiza\u00e7\u00e3o do passivo.<\/p>\n<p class=\"\" data-start=\"2335\" data-end=\"2820\">Por fim, \u00e9 indispens\u00e1vel construir um modelo m\u00ednimo de <strong data-start=\"2390\" data-end=\"2415\">governan\u00e7a financeira<\/strong>, que permita o registro formal das decis\u00f5es, a visibilidade compartilhada do cen\u00e1rio financeiro e o desenvolvimento de uma disciplina que sustente a tomada de decis\u00e3o no dia a dia. Esse modelo n\u00e3o precisa ser complexo, mas deve ser suficiente para oferecer controle, previsibilidade e suporte \u00e0s decis\u00f5es cr\u00edticas, sobretudo em um contexto onde a continuidade do neg\u00f3cio se imp\u00f5e como prioridade central.<\/p>\n<h4 class=\"\" data-start=\"2827\" data-end=\"2846\"><strong data-start=\"2832\" data-end=\"2846\">\ud83d\ude80 INTEGRA<\/strong><\/h4>\n<p class=\"\" data-start=\"2847\" data-end=\"3212\">A INTEGRA tem a oportunidade de nascer com uma cultura financeira muito diferente, ancorada em pr\u00e1ticas modernas e na gest\u00e3o orientada por dados. Desde sua funda\u00e7\u00e3o, poder\u00e1 operar com previsibilidade, controle e escalabilidade, utilizando ferramentas digitais, automa\u00e7\u00f5es e uma governan\u00e7a financeira leve, por\u00e9m robusta o suficiente para acompanhar seu crescimento.<\/p>\n<p class=\"\" data-start=\"3214\" data-end=\"3709\">O modelo financeiro da INTEGRA deve se basear na ado\u00e7\u00e3o de m\u00e9tricas como CAC, LTV, ROI e margem por canal, e ser constru\u00eddo sobre modelos de monetiza\u00e7\u00e3o escal\u00e1veis \u2014 como revenue share, comiss\u00f5es e planos para parceiros. A empresa poder\u00e1 trabalhar com uma estrutura de custos altamente vari\u00e1vel, reduzindo ao m\u00e1ximo os custos fixos, e desenvolver desde o primeiro momento uma cultura que combine disciplina de caixa, controle de indicadores e acompanhamento permanente da performance financeira.<\/p>\n<p class=\"\" data-start=\"3711\" data-end=\"3916\">Essa abordagem n\u00e3o apenas garante sustentabilidade, mas posiciona a INTEGRA para crescer de forma consistente, atrativa e resiliente frente aos desafios do mercado e das suas pr\u00f3prias ambi\u00e7\u00f5es de expans\u00e3o.<\/p>\n","protected":false},"featured_media":0,"comment_status":"open","ping_status":"closed","template":"","meta":{"_acf_changed":true},"class_list":["post-3787","analysis","type-analysis","status-publish","hentry"],"acf":[],"yoast_head":"<!-- This site is optimized with the Yoast SEO plugin v26.1.1 - https:\/\/yoast.com\/wordpress\/plugins\/seo\/ -->\n<title>Primeira An\u00e1lise - Gest\u00e3o e Performance Financeira - Mooven 4D - Porta Cabos<\/title>\n<meta name=\"robots\" content=\"index, follow, max-snippet:-1, max-image-preview:large, max-video-preview:-1\" \/>\n<link rel=\"canonical\" href=\"https:\/\/mooven4d.com.br\/portacabos\/diagnostico\/analises\/primeira-analise-gestao-e-performance-financeira\/\" \/>\n<meta property=\"og:locale\" content=\"pt_BR\" \/>\n<meta property=\"og:type\" content=\"article\" \/>\n<meta property=\"og:title\" content=\"Primeira An\u00e1lise - Gest\u00e3o e Performance Financeira - Mooven 4D - Porta Cabos\" \/>\n<meta property=\"og:description\" content=\"\ud83d\udccc Porta Cabos A gest\u00e3o financeira da Porta Cabos est\u00e1 inserida em um cen\u00e1rio de alt\u00edssima press\u00e3o, resultado de um passivo relevante, composto por d\u00edvidas tribut\u00e1rias e trabalhistas, que somadas equivalem aproximadamente \u00e0 receita anual da empresa. Esse contexto representa um risco significativo \u00e0 sustentabilidade da opera\u00e7\u00e3o e imp\u00f5e limita\u00e7\u00f5es severas \u00e0 capacidade de planejamento, [&hellip;]\" \/>\n<meta property=\"og:url\" content=\"https:\/\/mooven4d.com.br\/portacabos\/diagnostico\/analises\/primeira-analise-gestao-e-performance-financeira\/\" \/>\n<meta property=\"og:site_name\" content=\"Mooven 4D - Porta Cabos\" \/>\n<meta property=\"article:modified_time\" content=\"2025-05-28T18:03:00+00:00\" \/>\n<meta name=\"twitter:card\" content=\"summary_large_image\" \/>\n<meta name=\"twitter:label1\" content=\"Est. tempo de leitura\" \/>\n\t<meta name=\"twitter:data1\" content=\"3 minutos\" \/>\n<script type=\"application\/ld+json\" class=\"yoast-schema-graph\">{\"@context\":\"https:\/\/schema.org\",\"@graph\":[{\"@type\":\"WebPage\",\"@id\":\"https:\/\/mooven4d.com.br\/portacabos\/diagnostico\/analises\/primeira-analise-gestao-e-performance-financeira\/\",\"url\":\"https:\/\/mooven4d.com.br\/portacabos\/diagnostico\/analises\/primeira-analise-gestao-e-performance-financeira\/\",\"name\":\"Primeira An\u00e1lise - Gest\u00e3o e Performance Financeira - Mooven 4D - Porta Cabos\",\"isPartOf\":{\"@id\":\"https:\/\/mooven4d.com.br\/portacabos\/#website\"},\"datePublished\":\"2025-05-20T16:23:05+00:00\",\"dateModified\":\"2025-05-28T18:03:00+00:00\",\"breadcrumb\":{\"@id\":\"https:\/\/mooven4d.com.br\/portacabos\/diagnostico\/analises\/primeira-analise-gestao-e-performance-financeira\/#breadcrumb\"},\"inLanguage\":\"pt-BR\",\"potentialAction\":[{\"@type\":\"ReadAction\",\"target\":[\"https:\/\/mooven4d.com.br\/portacabos\/diagnostico\/analises\/primeira-analise-gestao-e-performance-financeira\/\"]}]},{\"@type\":\"BreadcrumbList\",\"@id\":\"https:\/\/mooven4d.com.br\/portacabos\/diagnostico\/analises\/primeira-analise-gestao-e-performance-financeira\/#breadcrumb\",\"itemListElement\":[{\"@type\":\"ListItem\",\"position\":1,\"name\":\"Home\",\"item\":\"https:\/\/mooven4d.com.br\/portacabos\/\"},{\"@type\":\"ListItem\",\"position\":2,\"name\":\"Primeira An\u00e1lise &#8211; Gest\u00e3o e Performance Financeira\"}]},{\"@type\":\"WebSite\",\"@id\":\"https:\/\/mooven4d.com.br\/portacabos\/#website\",\"url\":\"https:\/\/mooven4d.com.br\/portacabos\/\",\"name\":\"Mooven 4D - Porta Cabos\",\"description\":\"\",\"publisher\":{\"@id\":\"https:\/\/mooven4d.com.br\/portacabos\/#organization\"},\"potentialAction\":[{\"@type\":\"SearchAction\",\"target\":{\"@type\":\"EntryPoint\",\"urlTemplate\":\"https:\/\/mooven4d.com.br\/portacabos\/?s={search_term_string}\"},\"query-input\":{\"@type\":\"PropertyValueSpecification\",\"valueRequired\":true,\"valueName\":\"search_term_string\"}}],\"inLanguage\":\"pt-BR\"},{\"@type\":\"Organization\",\"@id\":\"https:\/\/mooven4d.com.br\/portacabos\/#organization\",\"name\":\"Mooven 4D - Porta Cabos\",\"url\":\"https:\/\/mooven4d.com.br\/portacabos\/\",\"logo\":{\"@type\":\"ImageObject\",\"inLanguage\":\"pt-BR\",\"@id\":\"https:\/\/mooven4d.com.br\/portacabos\/#\/schema\/logo\/image\/\",\"url\":\"https:\/\/mooven4d.com.br\/portacabos\/wp-content\/uploads\/sites\/9\/2025\/05\/logo-4d-azul.svg\",\"contentUrl\":\"https:\/\/mooven4d.com.br\/portacabos\/wp-content\/uploads\/sites\/9\/2025\/05\/logo-4d-azul.svg\",\"width\":578,\"height\":207,\"caption\":\"Mooven 4D - Porta Cabos\"},\"image\":{\"@id\":\"https:\/\/mooven4d.com.br\/portacabos\/#\/schema\/logo\/image\/\"}}]}<\/script>\n<!-- \/ Yoast SEO plugin. -->","yoast_head_json":{"title":"Primeira An\u00e1lise - Gest\u00e3o e Performance Financeira - Mooven 4D - Porta Cabos","robots":{"index":"index","follow":"follow","max-snippet":"max-snippet:-1","max-image-preview":"max-image-preview:large","max-video-preview":"max-video-preview:-1"},"canonical":"https:\/\/mooven4d.com.br\/portacabos\/diagnostico\/analises\/primeira-analise-gestao-e-performance-financeira\/","og_locale":"pt_BR","og_type":"article","og_title":"Primeira An\u00e1lise - Gest\u00e3o e Performance Financeira - Mooven 4D - Porta Cabos","og_description":"\ud83d\udccc Porta Cabos A gest\u00e3o financeira da Porta Cabos est\u00e1 inserida em um cen\u00e1rio de alt\u00edssima press\u00e3o, resultado de um passivo relevante, composto por d\u00edvidas tribut\u00e1rias e trabalhistas, que somadas equivalem aproximadamente \u00e0 receita anual da empresa. Esse contexto representa um risco significativo \u00e0 sustentabilidade da opera\u00e7\u00e3o e imp\u00f5e limita\u00e7\u00f5es severas \u00e0 capacidade de planejamento, [&hellip;]","og_url":"https:\/\/mooven4d.com.br\/portacabos\/diagnostico\/analises\/primeira-analise-gestao-e-performance-financeira\/","og_site_name":"Mooven 4D - Porta Cabos","article_modified_time":"2025-05-28T18:03:00+00:00","twitter_card":"summary_large_image","twitter_misc":{"Est. tempo de leitura":"3 minutos"},"schema":{"@context":"https:\/\/schema.org","@graph":[{"@type":"WebPage","@id":"https:\/\/mooven4d.com.br\/portacabos\/diagnostico\/analises\/primeira-analise-gestao-e-performance-financeira\/","url":"https:\/\/mooven4d.com.br\/portacabos\/diagnostico\/analises\/primeira-analise-gestao-e-performance-financeira\/","name":"Primeira An\u00e1lise - Gest\u00e3o e Performance Financeira - Mooven 4D - Porta Cabos","isPartOf":{"@id":"https:\/\/mooven4d.com.br\/portacabos\/#website"},"datePublished":"2025-05-20T16:23:05+00:00","dateModified":"2025-05-28T18:03:00+00:00","breadcrumb":{"@id":"https:\/\/mooven4d.com.br\/portacabos\/diagnostico\/analises\/primeira-analise-gestao-e-performance-financeira\/#breadcrumb"},"inLanguage":"pt-BR","potentialAction":[{"@type":"ReadAction","target":["https:\/\/mooven4d.com.br\/portacabos\/diagnostico\/analises\/primeira-analise-gestao-e-performance-financeira\/"]}]},{"@type":"BreadcrumbList","@id":"https:\/\/mooven4d.com.br\/portacabos\/diagnostico\/analises\/primeira-analise-gestao-e-performance-financeira\/#breadcrumb","itemListElement":[{"@type":"ListItem","position":1,"name":"Home","item":"https:\/\/mooven4d.com.br\/portacabos\/"},{"@type":"ListItem","position":2,"name":"Primeira An\u00e1lise &#8211; Gest\u00e3o e Performance Financeira"}]},{"@type":"WebSite","@id":"https:\/\/mooven4d.com.br\/portacabos\/#website","url":"https:\/\/mooven4d.com.br\/portacabos\/","name":"Mooven 4D - Porta Cabos","description":"","publisher":{"@id":"https:\/\/mooven4d.com.br\/portacabos\/#organization"},"potentialAction":[{"@type":"SearchAction","target":{"@type":"EntryPoint","urlTemplate":"https:\/\/mooven4d.com.br\/portacabos\/?s={search_term_string}"},"query-input":{"@type":"PropertyValueSpecification","valueRequired":true,"valueName":"search_term_string"}}],"inLanguage":"pt-BR"},{"@type":"Organization","@id":"https:\/\/mooven4d.com.br\/portacabos\/#organization","name":"Mooven 4D - Porta Cabos","url":"https:\/\/mooven4d.com.br\/portacabos\/","logo":{"@type":"ImageObject","inLanguage":"pt-BR","@id":"https:\/\/mooven4d.com.br\/portacabos\/#\/schema\/logo\/image\/","url":"https:\/\/mooven4d.com.br\/portacabos\/wp-content\/uploads\/sites\/9\/2025\/05\/logo-4d-azul.svg","contentUrl":"https:\/\/mooven4d.com.br\/portacabos\/wp-content\/uploads\/sites\/9\/2025\/05\/logo-4d-azul.svg","width":578,"height":207,"caption":"Mooven 4D - Porta Cabos"},"image":{"@id":"https:\/\/mooven4d.com.br\/portacabos\/#\/schema\/logo\/image\/"}}]}},"_links":{"self":[{"href":"https:\/\/mooven4d.com.br\/portacabos\/wp-json\/wp\/v2\/analysis\/3787","targetHints":{"allow":["GET"]}}],"collection":[{"href":"https:\/\/mooven4d.com.br\/portacabos\/wp-json\/wp\/v2\/analysis"}],"about":[{"href":"https:\/\/mooven4d.com.br\/portacabos\/wp-json\/wp\/v2\/types\/analysis"}],"replies":[{"embeddable":true,"href":"https:\/\/mooven4d.com.br\/portacabos\/wp-json\/wp\/v2\/comments?post=3787"}],"wp:attachment":[{"href":"https:\/\/mooven4d.com.br\/portacabos\/wp-json\/wp\/v2\/media?parent=3787"}],"curies":[{"name":"wp","href":"https:\/\/api.w.org\/{rel}","templated":true}]}}